{"id":792,"date":"2024-05-28T06:09:46","date_gmt":"2024-05-28T04:09:46","guid":{"rendered":"https:\/\/sportfriendlyproject.com\/?page_id=792"},"modified":"2025-04-02T11:16:48","modified_gmt":"2025-04-02T09:16:48","slug":"le-projet-fr","status":"publish","type":"page","link":"https:\/\/sportfriendlyproject.com\/fr\/el-proyecto\/","title":{"rendered":"Le projet"},"content":{"rendered":"<div data-elementor-type=\"wp-page\" data-elementor-id=\"792\" class=\"elementor elementor-792\" data-elementor-post-type=\"page\">\n\t\t\t\t<div class=\"elementor-element elementor-element-b40b071 e-flex e-con-boxed e-con e-parent\" data-id=\"b40b071\" data-element_type=\"container\" data-e-type=\"container\" data-settings=\"{&quot;background_background&quot;:&quot;classic&quot;,&quot;shape_divider_bottom&quot;:&quot;tilt&quot;,&quot;jet_parallax_layout_list&quot;:[]}\">\n\t\t\t\t\t<div class=\"e-con-inner\">\n\t\t\t\t<div class=\"elementor-shape elementor-shape-bottom\" aria-hidden=\"true\" data-negative=\"false\">\n\t\t\t<svg xmlns=\"http:\/\/www.w3.org\/2000\/svg\" viewbox=\"0 0 1000 100\" preserveaspectratio=\"none\">\n\t<path class=\"elementor-shape-fill\" d=\"M0,6V0h1000v100L0,6z\"\/>\n<\/svg>\t\t<\/div>\n\t\t\t\t<div class=\"elementor-element elementor-element-8db2844 elementor-widget elementor-widget-heading\" data-id=\"8db2844\" data-element_type=\"widget\" data-e-type=\"widget\" data-widget_type=\"heading.default\">\n\t\t\t\t<div class=\"elementor-widget-container\">\n\t\t\t\t\t<h1 class=\"elementor-heading-title elementor-size-default\">Le projet<\/h1>\t\t\t\t<\/div>\n\t\t\t\t<\/div>\n\t\t\t\t\t<\/div>\n\t\t\t\t<\/div>\n\t\t<div class=\"elementor-element elementor-element-9832899 e-flex e-con-boxed e-con e-parent\" data-id=\"9832899\" data-element_type=\"container\" data-e-type=\"container\" data-settings=\"{&quot;jet_parallax_layout_list&quot;:[]}\">\n\t\t\t\t\t<div class=\"e-con-inner\">\n\t\t\t\t<div class=\"elementor-element elementor-element-1546af9 elementor-widget elementor-widget-heading\" data-id=\"1546af9\" data-element_type=\"widget\" data-e-type=\"widget\" data-widget_type=\"heading.default\">\n\t\t\t\t<div class=\"elementor-widget-container\">\n\t\t\t\t\t<h2 class=\"elementor-heading-title elementor-size-default\">La culture et le sport au service de la transformation sociale !\n<\/h2>\t\t\t\t<\/div>\n\t\t\t\t<\/div>\n\t\t\t\t<div class=\"elementor-element elementor-element-d1de93f elementor-widget elementor-widget-text-editor\" data-id=\"d1de93f\" data-element_type=\"widget\" data-e-type=\"widget\" data-widget_type=\"text-editor.default\">\n\t\t\t\t<div class=\"elementor-widget-container\">\n\t\t\t\t\t\t\t\t\t<p><b>\u00ab<\/b><b>Sport Friendly : le terrain de la diversit\u00e9 !<\/b><b>\u00bb<\/b><span style=\"font-weight: 400;\"> est une exp\u00e9rience artistique internationale et collaborative port\u00e9e par l\u2019artiste \u00c9milien Buffard, soutenue par <\/span><b>l\u2019Institut Fran\u00e7ais de Paris<\/b><span style=\"font-weight: 400;\"> et lab\u00e9lis\u00e9e <\/span><b>\u00ab Olympiade Culturelle \u00bb<\/b><span style=\"font-weight: 400;\"> par le Comit\u00e9 olympique et paralympique <\/span><b>Par\u00eds 2024<\/b><span style=\"font-weight: 400;\">. \u00c0 travers une production photographique unique, ce projet met en lumi\u00e8re des \u00e9quipes engag\u00e9es pour un <\/span><b>sport inclusif<\/b><span style=\"font-weight: 400;\">, combattant les discriminations et red\u00e9finissant les valeurs du sport, au-del\u00e0 de son orientation ou identit\u00e9 sexuelle, de son genre ou de sa condition physique ou sociale. Lanc\u00e9 en Argentine en 2022, il rayonne d\u00e9sormais \u00e0 l\u2019international, port\u00e9 par la diplomatie sportive et un r\u00e9seau culturel engag\u00e9 pour photographier localement des \u00e9quipes \u00e0 la mani\u00e8re <\/span><b>Sport Friendly<\/b><span style=\"font-weight: 400;\">. Cette action photographique est un v\u00e9ritable engagement contre les discriminations, incarn\u00e9 par un <\/span><b>album de la diversit\u00e9 r\u00e9inventant le format \u00ab Panini \u00bb<\/b><span style=\"font-weight: 400;\">, une <\/span><b>exposition mondiale<\/b><span style=\"font-weight: 400;\"> et une <\/span><b>s\u00e9rie d\u2019\u00e9v\u00e9nements internationaux<\/b><span style=\"font-weight: 400;\">. Depuis 2022, <\/span><b>ce sont plus de 1000 athl\u00e8tes amateurs et professionnels issus de 16 pays<\/b><span style=\"font-weight: 400;\">, qui ont \u00e9t\u00e9 photographi\u00e9s pour le projet Sport Friendly, soutenu \u00e0 100 % par les institutions.\u00a0<\/span><\/p><p><b>Ensemble, poursuivons ce registre mondial sur le sport inclusif !<\/b><\/p><p><span style=\"font-weight: 400;\">Faites r\u00e9sonner les voix des joueur\u00b7euse\u00b7s de votre ville dans le monde entier \u00e0 travers la photographie, pour engager des conversations, briser les barri\u00e8res et cr\u00e9er des ponts entre les communaut\u00e9s. Que vous soyez une organisation du r\u00e9seau culturel fran\u00e7ais \u00e0 l\u2019\u00e9tranger (Alliances fran\u00e7aises, Instituts fran\u00e7ais, SCAC, Ambassades), une \u00e9quipe, une ONG ou un collectif citoyen, <\/span><b>menez votre action Sport Friendly autour de th\u00e8mes essentiels tels que la diversit\u00e9 sexuelle, la transidentit\u00e9, le f\u00e9minisme, le handicap, le racisme, le harc\u00e8lement scolaire, la communaut\u00e9 et l'\u00e9ducation,<\/b><span style=\"font-weight: 400;\"> pour n'en citer que quelques-uns. Vos photographies et t\u00e9moignages prendront vie non seulement au sein de votre communaut\u00e9 locale, avec une exposition dans l\u2019espace public ou au sein de votre institution, mais bien au-del\u00e0 puisque chaque action \u00e9tant document\u00e9e, partag\u00e9e en ligne et expos\u00e9e \u00e0 travers le monde.<\/span><\/p><p><span style=\"font-weight: 400;\">Unissons-nous pour une plus grande diversit\u00e9 dans le monde par l'art et le sport !<\/span><\/p>\t\t\t\t\t\t\t\t<\/div>\n\t\t\t\t<\/div>\n\t\t\t\t\t<\/div>\n\t\t\t\t<\/div>\n\t\t<div class=\"elementor-element elementor-element-604cbfc e-flex e-con-boxed e-con e-parent\" data-id=\"604cbfc\" data-element_type=\"container\" data-e-type=\"container\" data-settings=\"{&quot;jet_parallax_layout_list&quot;:[]}\">\n\t\t\t\t\t<div class=\"e-con-inner\">\n\t\t<div class=\"elementor-element elementor-element-e9302b7 e-flex e-con-boxed e-con e-child\" data-id=\"e9302b7\" data-element_type=\"container\" data-e-type=\"container\" data-settings=\"{&quot;jet_parallax_layout_list&quot;:[]}\">\n\t\t\t\t\t<div class=\"e-con-inner\">\n\t\t\t\t<div class=\"elementor-element elementor-element-fbd3e7b elementor-widget__width-inherit elementor-widget-mobile__width-inherit elementor-widget elementor-widget-heading\" data-id=\"fbd3e7b\" data-element_type=\"widget\" data-e-type=\"widget\" data-widget_type=\"heading.default\">\n\t\t\t\t<div class=\"elementor-widget-container\">\n\t\t\t\t\t<h1 class=\"elementor-heading-title elementor-size-default\">Un projet soutenu par<\/h1>\t\t\t\t<\/div>\n\t\t\t\t<\/div>\n\t\t\t\t<div class=\"elementor-element elementor-element-1501482 elementor-widget__width-initial elementor-widget-mobile__width-initial elementor-widget elementor-widget-image\" data-id=\"1501482\" data-element_type=\"widget\" data-e-type=\"widget\" data-widget_type=\"image.default\">\n\t\t\t\t<div class=\"elementor-widget-container\">\n\t\t\t\t\t\t\t\t\t\t\t\t\t\t\t<img fetchpriority=\"high\" decoding=\"async\" width=\"800\" height=\"555\" src=\"https:\/\/sportfriendlyproject.com\/wp-content\/uploads\/2024\/05\/IF_Logo_Fond_Sans_Bleu_RVB.png\" class=\"attachment-large size-large wp-image-846\" alt=\"\" srcset=\"https:\/\/sportfriendlyproject.com\/wp-content\/uploads\/2024\/05\/IF_Logo_Fond_Sans_Bleu_RVB.png 852w, https:\/\/sportfriendlyproject.com\/wp-content\/uploads\/2024\/05\/IF_Logo_Fond_Sans_Bleu_RVB-600x416.png 600w, https:\/\/sportfriendlyproject.com\/wp-content\/uploads\/2024\/05\/IF_Logo_Fond_Sans_Bleu_RVB-300x208.png 300w, https:\/\/sportfriendlyproject.com\/wp-content\/uploads\/2024\/05\/IF_Logo_Fond_Sans_Bleu_RVB-768x533.png 768w\" sizes=\"(max-width: 800px) 100vw, 800px\" \/>\t\t\t\t\t\t\t\t\t\t\t\t\t\t\t<\/div>\n\t\t\t\t<\/div>\n\t\t\t\t<div class=\"elementor-element elementor-element-a6f9e0e elementor-widget__width-initial elementor-widget-mobile__width-initial elementor-widget elementor-widget-image\" data-id=\"a6f9e0e\" data-element_type=\"widget\" data-e-type=\"widget\" data-widget_type=\"image.default\">\n\t\t\t\t<div class=\"elementor-widget-container\">\n\t\t\t\t\t\t\t\t\t\t\t\t\t\t\t<img decoding=\"async\" width=\"800\" height=\"800\" src=\"https:\/\/sportfriendlyproject.com\/wp-content\/uploads\/2024\/05\/Label-bleu-Olympiade-Culturelle-1024x1024.png\" class=\"attachment-large size-large wp-image-845\" alt=\"\" srcset=\"https:\/\/sportfriendlyproject.com\/wp-content\/uploads\/2024\/05\/Label-bleu-Olympiade-Culturelle-1024x1024.png 1024w, https:\/\/sportfriendlyproject.com\/wp-content\/uploads\/2024\/05\/Label-bleu-Olympiade-Culturelle-300x300.png 300w, https:\/\/sportfriendlyproject.com\/wp-content\/uploads\/2024\/05\/Label-bleu-Olympiade-Culturelle-100x100.png 100w, https:\/\/sportfriendlyproject.com\/wp-content\/uploads\/2024\/05\/Label-bleu-Olympiade-Culturelle-600x600.png 600w, https:\/\/sportfriendlyproject.com\/wp-content\/uploads\/2024\/05\/Label-bleu-Olympiade-Culturelle-150x150.png 150w, https:\/\/sportfriendlyproject.com\/wp-content\/uploads\/2024\/05\/Label-bleu-Olympiade-Culturelle-768x768.png 768w, https:\/\/sportfriendlyproject.com\/wp-content\/uploads\/2024\/05\/Label-bleu-Olympiade-Culturelle.png 1130w\" sizes=\"(max-width: 800px) 100vw, 800px\" \/>\t\t\t\t\t\t\t\t\t\t\t\t\t\t\t<\/div>\n\t\t\t\t<\/div>\n\t\t\t\t\t<\/div>\n\t\t\t\t<\/div>\n\t\t\t\t\t<\/div>\n\t\t\t\t<\/div>\n\t\t<div class=\"elementor-element elementor-element-983c287 e-flex e-con-boxed e-con e-parent\" data-id=\"983c287\" data-element_type=\"container\" data-e-type=\"container\" data-settings=\"{&quot;background_background&quot;:&quot;classic&quot;,&quot;jet_parallax_layout_list&quot;:[]}\">\n\t\t\t\t\t<div class=\"e-con-inner\">\n\t\t<div class=\"elementor-element elementor-element-50ccf9c e-con-full e-flex e-con e-child\" data-id=\"50ccf9c\" data-element_type=\"container\" data-e-type=\"container\" data-settings=\"{&quot;jet_parallax_layout_list&quot;:[]}\">\n\t\t\t\t<div class=\"elementor-element elementor-element-6dadaf4 elementor-widget-mobile__width-inherit elementor-widget elementor-widget-heading\" data-id=\"6dadaf4\" data-element_type=\"widget\" data-e-type=\"widget\" data-widget_type=\"heading.default\">\n\t\t\t\t<div class=\"elementor-widget-container\">\n\t\t\t\t\t<h1 class=\"elementor-heading-title elementor-size-default\">Qui est \u00c9milien Buffard ?\n<\/h1>\t\t\t\t<\/div>\n\t\t\t\t<\/div>\n\t\t\t\t<div class=\"elementor-element elementor-element-35ce9e1 elementor-widget-divider--view-line elementor-widget elementor-widget-divider\" data-id=\"35ce9e1\" data-element_type=\"widget\" data-e-type=\"widget\" data-widget_type=\"divider.default\">\n\t\t\t\t<div class=\"elementor-widget-container\">\n\t\t\t\t\t\t\t<div class=\"elementor-divider\">\n\t\t\t<span class=\"elementor-divider-separator\">\n\t\t\t\t\t\t<\/span>\n\t\t<\/div>\n\t\t\t\t\t\t<\/div>\n\t\t\t\t<\/div>\n\t\t\t\t<div class=\"elementor-element elementor-element-f509847 elementor-widget-tablet__width-initial elementor-hidden-desktop elementor-widget elementor-widget-image\" data-id=\"f509847\" data-element_type=\"widget\" data-e-type=\"widget\" data-widget_type=\"image.default\">\n\t\t\t\t<div class=\"elementor-widget-container\">\n\t\t\t\t\t\t\t\t\t\t\t\t\t\t\t<img decoding=\"async\" width=\"681\" height=\"1024\" src=\"https:\/\/sportfriendlyproject.com\/wp-content\/uploads\/2025\/03\/Emilien-681x1024.webp\" class=\"attachment-large size-large wp-image-3416\" alt=\"\" srcset=\"https:\/\/sportfriendlyproject.com\/wp-content\/uploads\/2025\/03\/Emilien-681x1024.webp 681w, https:\/\/sportfriendlyproject.com\/wp-content\/uploads\/2025\/03\/Emilien-200x300.webp 200w, https:\/\/sportfriendlyproject.com\/wp-content\/uploads\/2025\/03\/Emilien-768x1155.webp 768w, https:\/\/sportfriendlyproject.com\/wp-content\/uploads\/2025\/03\/Emilien-1022x1536.webp 1022w, https:\/\/sportfriendlyproject.com\/wp-content\/uploads\/2025\/03\/Emilien-1362x2048.webp 1362w, https:\/\/sportfriendlyproject.com\/wp-content\/uploads\/2025\/03\/Emilien-8x12.webp 8w, https:\/\/sportfriendlyproject.com\/wp-content\/uploads\/2025\/03\/Emilien-600x902.webp 600w, https:\/\/sportfriendlyproject.com\/wp-content\/uploads\/2025\/03\/Emilien.webp 1500w\" sizes=\"(max-width: 681px) 100vw, 681px\" \/>\t\t\t\t\t\t\t\t\t\t\t\t\t\t\t<\/div>\n\t\t\t\t<\/div>\n\t\t\t\t<div class=\"elementor-element elementor-element-be0c9bc elementor-widget elementor-widget-text-editor\" data-id=\"be0c9bc\" data-element_type=\"widget\" data-e-type=\"widget\" data-widget_type=\"text-editor.default\">\n\t\t\t\t<div class=\"elementor-widget-container\">\n\t\t\t\t\t\t\t\t\t<p><span style=\"font-weight: 400;\">Avec son projet <\/span><b>\u00ab Sport Friendly : le terrain de la diversit\u00e9 ! \u00bb<\/b><span style=\"font-weight: 400;\">, \u00c9milien Buffard utilise la photographie pour d\u00e9voiler une r\u00e9alit\u00e9 sportive, qui se construit de mani\u00e8re autonome dans des villes de diff\u00e9rents pays, dans le reflet d'une impulsion sociale qui bouscule largement les normes \u00e9tablies de longue date. Son travail pousse \u00e0 r\u00e9fl\u00e9chir sur l'importance de la repr\u00e9sentation et de l'inclusion dans le sport, remettant en question les st\u00e9r\u00e9otypes limitant la participation de certains groupes. Buffard c\u00e9l\u00e8bre la diversit\u00e9 et montre que la pratique sportive peut \u00eatre une forme d'expression et d'autonomisation pour toutes les identit\u00e9s. Son \u0153uvre nous invite \u00e0 r\u00e9imaginer le sport comme un espace respectueux, o\u00f9 chaque corps et chaque personne trouvent leur place.<\/span><\/p><p><span style=\"font-weight: 400;\">En exposant dans l\u2019espace public, dans des mus\u00e9es ou des institutions, l'artiste fran\u00e7ais \u00c9milien Buffard provoque un dialogue avec ceux qui ne sont pas toujours sensibles \u00e0 la cause de la diversit\u00e9. Ses \u0153uvres ont \u00e9t\u00e9 vues par plus d'un million de spectateurs <\/span><span style=\"font-weight: 400;\">lors d'\u00e9v\u00e9nements majeurs comme les 3e Jeux sud-am\u00e9ricains de la jeunesse (2022) et les Jeux Olympiques et Paralympiques de Paris (2024) et dans des institutions culturelles comme le Centre del Carme Cultura Contempor\u00e1nea (Valencia, Espagne), le Centro Cultural Kirchner (Buenos Aires, Argentine) et diff\u00e9rentes Ambassades de France. Son travail a \u00e9galement b\u00e9n\u00e9fici\u00e9 d'une large couverture m\u00e9diatique internationale et a re\u00e7u le prestigieux label<\/span> <span style=\"font-weight: 400;\">\u00ab Olympiade Culturelle \u00bb de la part du Comit\u00e9 d'Organisation des Jeux Olympiques et Paralympiques Paris 2024, soulignant ainsi son importance dans le paysage culturel et sportif mondial.<\/span><\/p>\t\t\t\t\t\t\t\t<\/div>\n\t\t\t\t<\/div>\n\t\t\t\t<div class=\"elementor-element elementor-element-a22bae9 elementor-widget elementor-widget-button\" data-id=\"a22bae9\" data-element_type=\"widget\" data-e-type=\"widget\" data-widget_type=\"button.default\">\n\t\t\t\t<div class=\"elementor-widget-container\">\n\t\t\t\t\t\t\t\t\t<div class=\"elementor-button-wrapper\">\n\t\t\t\t\t<a class=\"elementor-button elementor-button-link elementor-size-sm\" href=\"https:\/\/emilienbuffard.com\" target=\"_blank\" rel=\"noopener\">\n\t\t\t\t\t\t<span class=\"elementor-button-content-wrapper\">\n\t\t\t\t\t\t<span class=\"elementor-button-icon\">\n\t\t\t\t<svg aria-hidden=\"true\" class=\"e-font-icon-svg e-fas-external-link-alt\" viewbox=\"0 0 512 512\" xmlns=\"http:\/\/www.w3.org\/2000\/svg\"><path d=\"M432,320H400a16,16,0,0,0-16,16V448H64V128H208a16,16,0,0,0,16-16V80a16,16,0,0,0-16-16H48A48,48,0,0,0,0,112V464a48,48,0,0,0,48,48H400a48,48,0,0,0,48-48V336A16,16,0,0,0,432,320ZM488,0h-128c-21.37,0-32.05,25.91-17,41l35.73,35.73L135,320.37a24,24,0,0,0,0,34L157.67,377a24,24,0,0,0,34,0L435.28,133.32,471,169c15,15,41,4.5,41-17V24A24,24,0,0,0,488,0Z\"><\/path><\/svg>\t\t\t<\/span>\n\t\t\t\t\t\t\t\t\t<span class=\"elementor-button-text\">En savoir plus sur l'artiste<\/span>\n\t\t\t\t\t<\/span>\n\t\t\t\t\t<\/a>\n\t\t\t\t<\/div>\n\t\t\t\t\t\t\t\t<\/div>\n\t\t\t\t<\/div>\n\t\t\t\t<\/div>\n\t\t<div class=\"elementor-element elementor-element-a67d8a3 e-con-full elementor-hidden-tablet elementor-hidden-mobile e-flex e-con e-child\" data-id=\"a67d8a3\" data-element_type=\"container\" data-e-type=\"container\" data-settings=\"{&quot;background_background&quot;:&quot;classic&quot;,&quot;jet_parallax_layout_list&quot;:[]}\">\n\t\t\t\t<div class=\"elementor-element elementor-element-a1ba255 elementor-widget elementor-widget-image\" data-id=\"a1ba255\" data-element_type=\"widget\" data-e-type=\"widget\" data-widget_type=\"image.default\">\n\t\t\t\t<div class=\"elementor-widget-container\">\n\t\t\t\t\t\t\t\t\t\t\t\t\t\t\t<img decoding=\"async\" width=\"681\" height=\"1024\" src=\"https:\/\/sportfriendlyproject.com\/wp-content\/uploads\/2025\/03\/Emilien-681x1024.webp\" class=\"attachment-large size-large wp-image-3416\" alt=\"\" srcset=\"https:\/\/sportfriendlyproject.com\/wp-content\/uploads\/2025\/03\/Emilien-681x1024.webp 681w, https:\/\/sportfriendlyproject.com\/wp-content\/uploads\/2025\/03\/Emilien-200x300.webp 200w, https:\/\/sportfriendlyproject.com\/wp-content\/uploads\/2025\/03\/Emilien-768x1155.webp 768w, https:\/\/sportfriendlyproject.com\/wp-content\/uploads\/2025\/03\/Emilien-1022x1536.webp 1022w, https:\/\/sportfriendlyproject.com\/wp-content\/uploads\/2025\/03\/Emilien-1362x2048.webp 1362w, https:\/\/sportfriendlyproject.com\/wp-content\/uploads\/2025\/03\/Emilien-8x12.webp 8w, https:\/\/sportfriendlyproject.com\/wp-content\/uploads\/2025\/03\/Emilien-600x902.webp 600w, https:\/\/sportfriendlyproject.com\/wp-content\/uploads\/2025\/03\/Emilien.webp 1500w\" sizes=\"(max-width: 681px) 100vw, 681px\" \/>\t\t\t\t\t\t\t\t\t\t\t\t\t\t\t<\/div>\n\t\t\t\t<\/div>\n\t\t\t\t<\/div>\n\t\t\t\t\t<\/div>\n\t\t\t\t<\/div>\n\t\t\t\t<\/div>","protected":false},"excerpt":{"rendered":"<p>El proyecto \u00a1LA CULTURA Y EL DEPORTE AL SERVICIO DE LA TRANSFORMACI\u00d3N SOCIAL! \u201cSport Friendly: \u00a1la cancha de la diversidad!\u201d es una experiencia art\u00edstica internacional y colaborativa impulsada por el artista \u00c9milien Buffard, con el apoyo del Instituto Franc\u00e9s de Par\u00eds y reconocida con el sello \u00abOlimpiada Cultural\u00bb por el Comit\u00e9 Ol\u00edmpico y Paral\u00edmpico de [&hellip;]<\/p>\n","protected":false},"author":2,"featured_media":0,"parent":0,"menu_order":0,"comment_status":"closed","ping_status":"closed","template":"","meta":{"footnotes":""},"class_list":["post-792","page","type-page","status-publish","hentry"],"_links":{"self":[{"href":"https:\/\/sportfriendlyproject.com\/fr\/wp-json\/wp\/v2\/pages\/792","targetHints":{"allow":["GET"]}}],"collection":[{"href":"https:\/\/sportfriendlyproject.com\/fr\/wp-json\/wp\/v2\/pages"}],"about":[{"href":"https:\/\/sportfriendlyproject.com\/fr\/wp-json\/wp\/v2\/types\/page"}],"author":[{"embeddable":true,"href":"https:\/\/sportfriendlyproject.com\/fr\/wp-json\/wp\/v2\/users\/2"}],"replies":[{"embeddable":true,"href":"https:\/\/sportfriendlyproject.com\/fr\/wp-json\/wp\/v2\/comments?post=792"}],"version-history":[{"count":43,"href":"https:\/\/sportfriendlyproject.com\/fr\/wp-json\/wp\/v2\/pages\/792\/revisions"}],"predecessor-version":[{"id":3474,"href":"https:\/\/sportfriendlyproject.com\/fr\/wp-json\/wp\/v2\/pages\/792\/revisions\/3474"}],"wp:attachment":[{"href":"https:\/\/sportfriendlyproject.com\/fr\/wp-json\/wp\/v2\/media?parent=792"}],"curies":[{"name":"wp","href":"https:\/\/api.w.org\/{rel}","templated":true}]}}