{"id":667,"date":"2024-05-28T04:35:11","date_gmt":"2024-05-28T02:35:11","guid":{"rendered":"https:\/\/sportfriendlyproject.com\/?page_id=667"},"modified":"2025-03-25T21:56:32","modified_gmt":"2025-03-25T20:56:32","slug":"presse-fr","status":"publish","type":"page","link":"https:\/\/sportfriendlyproject.com\/fr\/prensa\/","title":{"rendered":"Presse"},"content":{"rendered":"<div data-elementor-type=\"wp-page\" data-elementor-id=\"667\" class=\"elementor elementor-667\" data-elementor-post-type=\"page\">\n\t\t\t\t<div class=\"elementor-element elementor-element-18989b7 e-flex e-con-boxed e-con e-parent\" data-id=\"18989b7\" data-element_type=\"container\" data-e-type=\"container\" data-settings=\"{&quot;background_background&quot;:&quot;classic&quot;,&quot;shape_divider_bottom&quot;:&quot;tilt&quot;,&quot;jet_parallax_layout_list&quot;:[]}\">\n\t\t\t\t\t<div class=\"e-con-inner\">\n\t\t\t\t<div class=\"elementor-shape elementor-shape-bottom\" aria-hidden=\"true\" data-negative=\"false\">\n\t\t\t<svg xmlns=\"http:\/\/www.w3.org\/2000\/svg\" viewbox=\"0 0 1000 100\" preserveaspectratio=\"none\">\n\t<path class=\"elementor-shape-fill\" d=\"M0,6V0h1000v100L0,6z\"\/>\n<\/svg>\t\t<\/div>\n\t\t\t\t<div class=\"elementor-element elementor-element-b7f4f30 elementor-widget elementor-widget-heading\" data-id=\"b7f4f30\" data-element_type=\"widget\" data-e-type=\"widget\" data-widget_type=\"heading.default\">\n\t\t\t\t<div class=\"elementor-widget-container\">\n\t\t\t\t\t<h1 class=\"elementor-heading-title elementor-size-default\">Presse<\/h1>\t\t\t\t<\/div>\n\t\t\t\t<\/div>\n\t\t\t\t\t<\/div>\n\t\t\t\t<\/div>\n\t\t<div class=\"elementor-element elementor-element-e65734e e-con-full e-flex e-con e-parent\" data-id=\"e65734e\" data-element_type=\"container\" data-e-type=\"container\" data-settings=\"{&quot;jet_parallax_layout_list&quot;:[]}\">\n\t\t\t\t<div class=\"elementor-element elementor-element-44c0b56 elementor-widget elementor-widget-heading\" data-id=\"44c0b56\" data-element_type=\"widget\" data-e-type=\"widget\" data-widget_type=\"heading.default\">\n\t\t\t\t<div class=\"elementor-widget-container\">\n\t\t\t\t\t<h2 class=\"elementor-heading-title elementor-size-default\">ARTICLES PAR LANGUE<\/h2>\t\t\t\t<\/div>\n\t\t\t\t<\/div>\n\t\t\t\t<div class=\"elementor-element elementor-element-c5fa2d7 elementor-widget elementor-widget-jet-tabs\" data-id=\"c5fa2d7\" data-element_type=\"widget\" data-e-type=\"widget\" data-settings=\"{&quot;tabs_position&quot;:&quot;top&quot;,&quot;no_active_tabs&quot;:&quot;false&quot;}\" data-widget_type=\"jet-tabs.default\">\n\t\t\t\t<div class=\"elementor-widget-container\">\n\t\t\t\t\t\n\t\t<div class=\"jet-tabs jet-tabs-position-top jet-tabs-move-up-effect\" data-settings=\"{&quot;activeIndex&quot;:0,&quot;event&quot;:&quot;click&quot;,&quot;autoSwitch&quot;:false,&quot;autoSwitchDelay&quot;:3000,&quot;ajaxTemplate&quot;:false,&quot;tabsPosition&quot;:&quot;top&quot;,&quot;switchScrolling&quot;:false,&quot;switchScrollingOffset&quot;:0}\">\n\t\t\t\t\t\t<div class=\"jet-tabs__control-wrapper\" role=\"tablist\">\n\n                                    <div id=\"jet-tabs-control-2071\" class=\"jet-tabs__control jet-tabs__control-icon-left elementor-menu-anchor active-tab\" data-tab=\"1\" tabindex=\"0\" role=\"tab\" aria-controls=\"jet-tabs-content-2071\" aria-expanded=\"true\" data-template-id=\"false\"><div class=\"jet-tabs__control-inner\"><img decoding=\"async\" class=\"jet-tabs__label-image\" src=\"https:\/\/sportfriendlyproject.com\/wp-content\/uploads\/2024\/05\/world.png\" alt=\"\"><div class=\"jet-tabs__label-text\">ES<\/div><\/div><\/div><div id=\"jet-tabs-control-2072\" class=\"jet-tabs__control jet-tabs__control-icon-left elementor-menu-anchor\" data-tab=\"2\" tabindex=\"0\" role=\"tab\" aria-controls=\"jet-tabs-content-2072\" aria-expanded=\"false\" data-template-id=\"false\"><div class=\"jet-tabs__control-inner\"><img decoding=\"async\" class=\"jet-tabs__label-image\" src=\"https:\/\/sportfriendlyproject.com\/wp-content\/uploads\/2024\/06\/brazil-1.png\" alt=\"\"><div class=\"jet-tabs__label-text\">PT<\/div><\/div><\/div><div id=\"jet-tabs-control-2073\" class=\"jet-tabs__control jet-tabs__control-icon-left elementor-menu-anchor\" data-tab=\"3\" tabindex=\"0\" role=\"tab\" aria-controls=\"jet-tabs-content-2073\" aria-expanded=\"false\" data-template-id=\"false\"><div class=\"jet-tabs__control-inner\"><img decoding=\"async\" class=\"jet-tabs__label-image\" src=\"https:\/\/sportfriendlyproject.com\/wp-content\/uploads\/2024\/05\/circle-1.png\" alt=\"\"><div class=\"jet-tabs__label-text\">FR<\/div><\/div><\/div><div id=\"jet-tabs-control-2074\" class=\"jet-tabs__control jet-tabs__control-icon-left elementor-menu-anchor\" data-tab=\"4\" tabindex=\"0\" role=\"tab\" aria-controls=\"jet-tabs-content-2074\" aria-expanded=\"false\" data-template-id=\"false\"><div class=\"jet-tabs__control-inner\"><img decoding=\"async\" class=\"jet-tabs__label-image\" src=\"https:\/\/sportfriendlyproject.com\/wp-content\/uploads\/2024\/05\/circle.png\" alt=\"\"><div class=\"jet-tabs__label-text\">EN<\/div><\/div><\/div>\n                    \t\t\t    <\/div>\n\t\t\t<div class=\"jet-tabs__content-wrapper\">\n\t\t\t\t<div id=\"jet-tabs-content-2071\" class=\"jet-tabs__content active-content\" data-tab=\"1\" role=\"tabpanel\" aria-hidden=\"false\" data-template-id=\"false\"><ul><li><span style=\"text-decoration: underline;\"><a href=\"https:\/\/www.diariosur.es\/six\/argentina-malaga-exposicion-fotografica-sport-friendly-pone-20250130235709-nt.html?ref=https%3A%2F%2Fwww.diariosur.es%2Fsix%2Fargentina-malaga-\" target=\"_blank\" rel=\"noopener\">Diario Sur &#8211; De Argentina a M\u00e1laga: la exposici\u00f3n fotogr\u00e1fica &#8216;Sport Friendly&#8217; pone el foco en los deportistas LGTBI<\/a><\/span><\/li><li><a href=\"https:\/\/www.laopiniondemalaga.es\/cultura-espectaculos\/2025\/01\/28\/exposicion-sport-friendly-celebra-deporte-113773513.html\" target=\"_blank\" rel=\"noopener\"><span style=\"text-decoration: underline;\">La opinion de Malaga &#8211; La exposici\u00f3n Sport Friendly celebra el deporte de forma inclusiva en M\u00e1laga<\/span><\/a><\/li><li><span style=\"text-decoration: underline;\"><a href=\"https:\/\/www.lanacion.com.ar\/opinion\/los-juegos-olimpicos-y-paralimpicos-de-paris-la-fiesta-de-la-fraternidad-nid14092024\/\" target=\"_blank\" rel=\"noopener\">La Nacion &#8211; Los Juegos Ol\u00edmpicos y Paral\u00edmpicos de Par\u00eds, la fiesta de la fraternidad<\/a><\/span><\/li><li><span style=\"text-decoration: underline;\"><a href=\"https:\/\/www.relevo.com\/juegos-olimpicos\/panini-cromos-lgtbiq-llega-juegos-20240726100238-nt.html\" target=\"_blank\" rel=\"noopener\">Relevo &#8211; Los cromos LGTBIQ+ llegan a los Juegos<\/a><\/span><\/li><li><span style=\"text-decoration: underline;\"><a href=\"https:\/\/www.busqueda.com.uy\/sociales\/se-inauguro-la-alianza-francesa-una-muestra-fotografica-deporte-inclusivo-n5392369\" target=\"_blank\" rel=\"noopener\">Galeria &#8211; Se inaugur\u00f3 en la Alianza Francesa una muestra fotogr\u00e1fica sobre deporte inclusivo<\/a><\/span><\/li><li><span style=\"text-decoration: underline;\"><a href=\"https:\/\/radiofonica.com\/sport-friendly-rompe-la-frontera-internacional-para-seguir-luchando-por-la-diversidad-e-inclusion-en-el-deporte\/\" target=\"_blank\" rel=\"noopener\">Radiofonica &#8211; Sport Friendly rompe la frontera para seguir luchando por la diversidad e inclusi\u00f3n en el deporte<\/a><\/span><\/li><li><span style=\"text-decoration: underline;\"><a href=\"https:\/\/lapalta.com.ar\/genero\/sport-friendly-paris-jjoo\" target=\"_blank\" rel=\"noopener\">La Palta &#8211; Sport Friendly en los Juegos Ol\u00edmpicos de Par\u00eds 2024<\/a><\/span><\/li><li><span style=\"text-decoration: underline;\"><a href=\"https:\/\/www.montevideo.com.uy\/Tiempo-libre\/-El-deporte-es-politico-Una-muestra-que-viaja-por-el-mundo-y-llego-al-pais-lo-responde-uc895129\" target=\"_blank\" rel=\"noopener\">Montevideo Portal &#8211; \u00bfEl deporte es pol\u00edtico? Una muestra que viaja por el mundo y lleg\u00f3 al pa\u00eds lo responde<\/a><\/span><\/li><li><span style=\"text-decoration: underline;\"><a href=\"https:\/\/www.periodicocentral.mx\/deportes\/visita-la-exposicion-sport-friendly-en-el-zocalo-de-puebla-fomenta-la-diversidad-e-inclusion\/329746\/\" target=\"_blank\" rel=\"noopener\">Periodico Central &#8211; Visita la exposici\u00f3n Sport Friendly en el Z\u00f3calo de Puebla<\/a><\/span><\/li><li><span style=\"text-decoration: underline;\"><a href=\"https:\/\/marieclaire.perfil.com\/noticias\/cultura\/sport-friendly-una-muestra-que-celebra-la-diversidad-en-el-deporte-en-los-juegos-olimpicos.phtml\" target=\"_blank\" rel=\"noopener\">Marie Claire &#8211; Sport Friendly: una muestra que celebra la diversidad en el deporte en los Juegos Ol\u00edmpicos<\/a><\/span><\/li><li><span style=\"text-decoration: underline;\"><a href=\"https:\/\/revistalumbreras.com\/sport-friendly-puebla-se-suma-a-proyecto-fotografico-internacional-sobre-deporte-incluyente\/\" target=\"_blank\" rel=\"noopener\">Revista Lumbreras &#8211; Puebla se suma a proyecto fotogr\u00e1fico internacional sobre deporte incluyente<\/a><\/span><\/li><li><span style=\"text-decoration: underline;\"><a href=\"https:\/\/shangay.com\/2024\/07\/04\/deporte-inclusividad-promover-amor-diversidad-deporte\/\" target=\"_blank\" rel=\"noopener\">Shangay &#8211; &#8216;Deporte e inclusividad&#8217;: una velada para promover el amor, la diversidad y el deporte<\/a><\/span><\/li><li><span style=\"text-decoration: underline;\"><a href=\"https:\/\/aqui.madrid\/madrid-orgullo-juegos-olimpicos-deporte-inclusivo-exposiciones\/\" target=\"_blank\" rel=\"noopener\">Aqui Madrid &#8211; Un hito de la Embajada de Francia, puesto en escena en el Instituto Franc\u00e9s de Madrid<\/a><\/span><\/li><li><span style=\"text-decoration: underline;\"><a href=\"https:\/\/www.prensa-latina.cu\/2024\/07\/02\/francia-celebra-con-espana-orgullo-2024-ante-juegos-olimpico\/\" target=\"_blank\" rel=\"noopener\">Prensa Latina &#8211; Francia celebra con Espa\u00f1a Orgullo 2024 ante Juegos Ol\u00edmpicos<\/a><\/span><\/li><li><span style=\"text-decoration: underline;\"><a href=\"https:\/\/www.carasycaretas.com.uy\/sociedad\/uruguay-participa-muestra-fotografica-diversidad-el-deporte-n74567\" target=\"_blank\" rel=\"noopener\">Caras &amp; Caretas &#8211; Uruguay participa de muestra fotogr\u00e1fica sobre diversidad en el deporte<\/a><\/span><\/li><li><span style=\"text-decoration: underline;\"><a href=\"https:\/\/revistawinner.ec\/francia-presenta-una-exposicion-itinerante-para-promover-la-inclusion-en-el-deporte-ecuatoriano\/\" target=\"_blank\" rel=\"noopener\">Revista Winner EC &#8211; Francia presenta una exposici\u00f3n itinerante para promover la inclusi\u00f3n en el deporte ecuatoriano<\/a><\/span><\/li><li><span style=\"text-decoration: underline;\"><a href=\"https:\/\/www.facebook.com\/watch\/live\/?ref=watch_permalink&amp;v=2611392785704642\" target=\"_blank\" rel=\"noopener\">Radio Sonorama &#8211; En el estudio con Emilien Buffard<\/a><\/span><\/li><li><span style=\"text-decoration: underline;\"><a href=\"https:\/\/www.eeas.europa.eu\/delegations\/ecuador\/la-ue-apoya-la-iniciativa-sport-friendly-%C2%A1la-cancha-de-la-diversidad_es?s=161\" target=\"_blank\" rel=\"noopener\">Uni\u00f3n Europea &#8211; La UE apoya la iniciativa Sport Friendly: \u00a1la cancha de la diversidad!<\/a><\/span><\/li><li><span style=\"text-decoration: underline;\"><a href=\"https:\/\/www.forbesargentina.com\/lifestyle\/por-empresas-deben-dejar-vender-historias-falsas-fotografo-frances-lanzo-primer-album-lgbtiq--n26323\" target=\"_blank\" rel=\"noopener\">Forbes &#8211; Fot\u00f3grafo franc\u00e9s lanza primer \u00e1lbum LGBTIQ+<\/a><\/span><\/li><li><span style=\"text-decoration: underline;\"><a href=\"https:\/\/www.infobae.com\/fotos\/2023\/06\/15\/24-fotos-el-artista-fotografico-emilien-buffard-inauguro-su-muestra-sport-friendly-la-cancha-de-la-diversidad-en-la-embajada-de-francia\/\" target=\"_blank\" rel=\"noopener\">Infobae &#8211; El artista \u00c9milien Buffard inaugur\u00f3 su muestra \u201cSport Friendly\u00bb en la embajada de Francia<\/a><\/span><\/li><li><a href=\"https:\/\/www.europapress.es\/comunitat-valenciana\/noticia-cccc-presenta-sport-friendly-exposicion-visibiliza-diversidad-deporte-20230630154452.html?\" target=\"_blank\" rel=\"noopener\"><span style=\"text-decoration: underline;\">EuropaPress &#8211; Una exposici\u00f3n que visibiliza la diversidad en el deporte en el CCCC<\/span><\/a><\/li><li><span style=\"text-decoration: underline;\"><a href=\"https:\/\/tn.com.ar\/sociedad\/2022\/12\/11\/la-cancha-de-la-diversidad-el-album-de-figuritas-lgtbqi-de-la-argentina-que-creo-un-fotografo-frances\/\" target=\"_blank\" rel=\"noopener\">TN &#8211; El \u00e1lbum de figuritas LGTBQI+ de la Argentina que cre\u00f3 un fot\u00f3grafo franc\u00e9s<\/a><\/span><\/li><li><span style=\"text-decoration: underline;\"><a href=\"https:\/\/www.infobae.com\/deportes\/2022\/12\/13\/lo-que-esta-pasando-aca-con-la-diversidad-es-unico-la-vision-de-un-fotografo-frances-en-una-exposicion-en-la-rioja\/\" target=\"_blank\" rel=\"noopener\">Infobae &#8211; Lo que est\u00e1 pasando ac\u00e1 con la diversidad es \u00fanico<\/a><\/span><\/li><li><span style=\"text-decoration: underline;\"><a href=\"https:\/\/www.lacapital.com.ar\/la-ciudad\/ante-el-silencio-la-fifa-y-jugadores-salen-figuritas-combatir-la-homofobia-mundialista-n10032476.html\" target=\"_blank\" rel=\"noopener\">La Capital &#8211; Ante el silencio de la Fifa y jugadores, salen figuritas a combatir la homofobia mundialista<\/a><\/span><\/li><li><span style=\"text-decoration: underline;\"><a href=\"https:\/\/vimeo.com\/708740319\" target=\"_blank\" rel=\"noopener\">Telefe &#8211; En el estudio con Emilien Buffard<\/a><\/span><\/li><li style=\"text-align: left;\"><span style=\"text-decoration: underline;\"><a href=\"https:\/\/www.eeas.europa.eu\/delegations\/ecuador\/la-ue-apoya-la-iniciativa-sport-friendly-%C2%A1la-cancha-de-la-diversidad_es?s=161\" target=\"_blank\" rel=\"noopener\">La UE apoya la iniciativa Sport Friendly<\/a><\/span><\/li><li style=\"text-align: left;\"><span style=\"text-decoration: underline;\"><a href=\"https:\/\/revistalumbreras.com\/sport-friendly-puebla-se-suma-a-proyecto-fotografico-internacional-sobre-deporte-incluyente\/\" target=\"_blank\" rel=\"noopener\">Sport Friendly Puebla se suma a proyecto fotogr\u00e1fico internacional<\/a><\/span><\/li><li style=\"text-align: left;\"><span style=\"text-decoration: underline;\"><a href=\"https:\/\/www.forbesargentina.com\/lifestyle\/por-empresas-deben-dejar-vender-historias-falsas-fotografo-frances-lanzo-primer-album-lgbtiq--n26323\" target=\"_blank\" rel=\"noopener\">Fot\u00f3grafo franc\u00e9s lanza primer \u00e1lbum LGBTIQ+<\/a><\/span><\/li><li style=\"text-align: left;\"><span style=\"text-decoration: underline;\"><a href=\"https:\/\/www.infobae.com\/fotos\/2023\/06\/15\/24-fotos-el-artista-fotografico-emilien-buffard-inauguro-su-muestra-sport-friendly-la-cancha-de-la-diversidad-en-la-embajada-de-francia\/\" target=\"_blank\" rel=\"noopener\">Inauguraci\u00f3n de la muestra Sport Friendly en la embajada de Francia<\/a><\/span><\/li><li style=\"text-align: left;\"><span style=\"text-decoration: underline;\"><a href=\"https:\/\/marieclaire.perfil.com\/noticias\/cultura\/sport-friendly-la-muestra-fotografica-que-impulsa-la-cancha-como-espacio-de-diversidad.phtml\" target=\"_blank\" rel=\"noopener\">Sport Friendly: La muestra fotogr\u00e1fica que impulsa la diversidad<\/a><\/span><\/li><li style=\"text-align: left;\"><span style=\"text-decoration: underline;\"><a href=\"https:\/\/www.europapress.es\/comunitat-valenciana\/noticia-cccc-presenta-sport-friendly-exposicion-visibiliza-diversidad-deporte-20230630154452.html\" target=\"_blank\" rel=\"noopener\">Exposici\u00f3n Sport Friendly visibiliza la diversidad en el deporte<\/a><\/span><\/li><li style=\"text-align: left;\"><span style=\"text-decoration: underline;\"><a href=\"https:\/\/tn.com.ar\/sociedad\/2022\/12\/11\/la-cancha-de-la-diversidad-el-album-de-figuritas-lgtbqi-de-la-argentina-que-creo-un-fotografo-frances\/\" target=\"_blank\" rel=\"noopener\">El \u00e1lbum de figuritas LGTBQI+ de la Argentina<\/a><\/span><\/li><li style=\"text-align: left;\"><span style=\"text-decoration: underline;\"><a href=\"https:\/\/www.infobae.com\/deportes\/2022\/12\/13\/lo-que-esta-pasando-aca-con-la-diversidad-es-unico-la-vision-de-un-fotografo-frances-en-una-exposicion-en-la-rioja\/\" target=\"_blank\" rel=\"noopener\">Visi\u00f3n de un fot\u00f3grafo franc\u00e9s sobre la diversidad en La Rioja<\/a><\/span><\/li><li style=\"text-align: left;\"><span style=\"text-decoration: underline;\"><a href=\"https:\/\/www.lacapital.com.ar\/la-ciudad\/ante-el-silencio-la-fifa-y-jugadores-salen-figuritas-combatir-la-homofobia-mundialista-n10032476.html\" target=\"_blank\" rel=\"noopener\">Figuritas contra la homofobia mundialista<\/a><\/span><\/li><\/ul><\/div><div id=\"jet-tabs-content-2072\" class=\"jet-tabs__content\" data-tab=\"2\" role=\"tabpanel\" aria-hidden=\"true\" data-template-id=\"false\"><ul><li><span style=\"text-decoration: underline;\"><a href=\"https:\/\/gay.blog.br\/cultura\/atletas-lgbtqia-de-16-paises-sao-destaque-em-exposicao-do-fotografo-emilien-buffard\/\" target=\"_blank\" rel=\"noopener\">Scruff Gay Blog &#8211; Atletas LGBTQIA+ de 16 pa\u00edses s\u00e3o destaque em exposi\u00e7\u00e3o do fot\u00f3grafo \u00c9milien Buffard<\/a><\/span><\/li><li><span style=\"text-decoration: underline;\"><a href=\"https:\/\/midianinja.org\/sport-friendly-exposicao-argentina-aborda-diversidade-no-esporte-confira-a-galeria\/\" target=\"_blank\" rel=\"noopener\">Midia Ninja &#8211; Sport Friendly: exposi\u00e7\u00e3o argentina aborda diversidade no esporte<\/a><\/span><\/li><li><span style=\"text-decoration: underline;\"><a href=\"https:\/\/midia.ninja\/sport-friendly-exposicao-argentina-aborda-diversidade-no-esporte-confira-a-galeria\/\" target=\"_blank\" rel=\"noopener\">Sport Friendly: Exposi\u00e7\u00e3o na Argentina aborda diversidade no esporte<\/a><\/span><\/li><\/ul><\/div><div id=\"jet-tabs-content-2073\" class=\"jet-tabs__content\" data-tab=\"3\" role=\"tabpanel\" aria-hidden=\"true\" data-template-id=\"false\"><ul><li><span style=\"text-decoration: underline;\"><a href=\"https:\/\/www.ouest-france.fr\/nouvelle-aquitaine\/deux-sevres\/hymne-a-la-diversite-les-cliches-sportifs-de-ce-photographe-des-deux-sevres-exposes-dans-16-pays-e1238a1e-4116-11ef-b308-87d59cb0f918\" target=\"_blank\" rel=\"noopener\">Ouest France &#8211; Hymne \u00e0 la diversit\u00e9, les clich\u00e9s sportifs de ce photographe expos\u00e9s dans 16 pays<\/a><\/span><\/li><li><span style=\"text-decoration: underline;\"><a href=\"https:\/\/www.lanouvellerepublique.fr\/deux-sevres\/commune\/faye-l-abbesse\/jeux-olympiques-originaire-du-pin-emilien-buffard-expose-la-diversite-dans-le-sport-a-paris\" target=\"_blank\" rel=\"noopener\">La Nouvelle R\u00e9publique &#8211; Jeux olympiques : \u00c9milien Buffard expose la diversit\u00e9 dans le sport \u00e0 Paris<\/a><\/span><\/li><li><span style=\"text-decoration: underline;\"><a href=\"https:\/\/lemetropolitain.com\/lalliance-francaise-celebre-la-diversite-avec-lexposition-sport-friendly\/\" target=\"_blank\" rel=\"noopener\">Le Metropolitain &#8211; L\u2019Alliance fran\u00e7aise c\u00e9l\u00e8bre la diversit\u00e9 avec l\u2019exposition Sport Friendly<\/a><\/span><\/li><li><span style=\"text-decoration: underline;\"><a href=\"https:\/\/ici.radio-canada.ca\/ohdio\/premiere\/emissions\/y-a-pas-deux-matins-pareils\/segments\/rattrapage\/1799221\/culture-une-exposition-sur-sport-et-diversite\" target=\"_blank\" rel=\"noopener\">Radio Canada &#8211; Culture : Une exposition sur le sport et la diversit\u00e9<\/a><\/span><\/li><li><span style=\"text-decoration: underline;\"><a href=\"https:\/\/www.institutfrancais.com\/fr\/magazine\/rencontre\/emilien-buffard-decline-son-projet-sport-friendly-avec-le-reseau-culturel\" target=\"_blank\" rel=\"noopener\">Institut fran\u00e7ais &#8211; Emilien Buffard d\u00e9cline son projet Sport Friendly avec le r\u00e9seau culturel fran\u00e7ais \u00e0 l\u2019\u00e9tranger !<\/a><\/span><\/li><li><span style=\"text-decoration: underline;\"><a href=\"https:\/\/www.traitdunion.com.ar\/2024\/06\/24\/sport-friendly-la-cancha-de-la-diversidad\/\" target=\"_blank\" rel=\"noopener\">Trait d&#8217;union &#8211; Sport Friendly : le terrain de la diversit\u00e9 !<\/a><\/span><\/li><li><span style=\"text-decoration: underline;\"><a href=\"https:\/\/www.rtve.es\/play\/audios\/emission-en-francais\/sport-friendly-terrain-diversite-emilien-buffard\/16173644\/\" target=\"_blank\" rel=\"noopener\">Radio RTVE &#8211; \u00ab Sport Friendly : le terrain de la diversit\u00e9 ! \u00bb<\/a><\/span><\/li><li><span style=\"text-decoration: underline;\"><a href=\"https:\/\/lepetitjournal.com\/valence\/a-voir-a-faire\/sport-friendly-emilien-buffard-exposition-diversite-cccc-364737\" target=\"_blank\" rel=\"noopener\">Le Petit Journal &#8211; Sport Friendly : l&#8217;exposition qui c\u00e9l\u00e8bre la diversit\u00e9 au CCCC<\/a><\/span><\/li><li><span style=\"text-decoration: underline;\"><a href=\"https:\/\/www.institutfrancais.com\/fr\/magazine\/rencontre\/emilien-buffard-decline-son-projet-sport-friendly-avec-le-reseau-culturel\" target=\"_blank\" rel=\"noopener\">\u00c9milien Buffard d\u00e9cline son projet Sport Friendly avec le r\u00e9seau culturel<\/a><\/span><\/li><li><span style=\"text-decoration: underline;\"><a href=\"https:\/\/lepetitjournal.com\/valence\/a-voir-a-faire\/sport-friendly-emilien-buffard-exposition-diversite-cccc-364737\" target=\"_blank\" rel=\"noopener\">Sport Friendly: \u00c9milien Buffard, exposition diversit\u00e9 au CCCC<\/a><\/span><\/li><\/ul><\/div><div id=\"jet-tabs-content-2074\" class=\"jet-tabs__content\" data-tab=\"4\" role=\"tabpanel\" aria-hidden=\"true\" data-template-id=\"false\"><ul><li><a href=\"https:\/\/www.youtube.com\/watch?v=AanLNYuVD5A&amp;t=11s\" target=\"_blank\" rel=\"noopener\"><span style=\"text-decoration: underline;\">Rendez-Vous with &#8211; Sea Sisters: Surf Inspire Empower<\/span><\/a><\/li><li><span style=\"text-decoration: underline;\"><a href=\"https:\/\/www.offbeat.com\/news\/consulate-general-of-france-to-host-photo-exhibition-featuring-the-rougaroux\/\" target=\"_blank\" rel=\"noopener\">OFF Beat Magazine &#8211; Consulate General of France to Host Photo Exhibition Featuring \u201cThe Rougaroux\u201d<\/a><\/span><\/li><li><span style=\"text-decoration: underline;\"><a href=\"https:\/\/www.sundaytimes.lk\/240630\/plus\/conquering-waves-and-many-taboos-562119.html\" target=\"_blank\" rel=\"noopener\">The Sunday Times &#8211; Conquering waves and many taboos<\/a><\/span><\/li><\/ul><\/div>\t\t\t<\/div>\n\t\t\t\t\t<\/div>\n\t\t\t\t\t\t<\/div>\n\t\t\t\t<\/div>\n\t\t\t\t<div class=\"elementor-element elementor-element-5c04db2 elementor-widget elementor-widget-image-carousel\" data-id=\"5c04db2\" data-element_type=\"widget\" data-e-type=\"widget\" data-settings=\"{&quot;slides_to_show&quot;:&quot;6&quot;,&quot;navigation&quot;:&quot;none&quot;,&quot;autoplay_speed&quot;:0,&quot;speed&quot;:5000,&quot;slides_to_show_mobile&quot;:&quot;4&quot;,&quot;autoplay&quot;:&quot;yes&quot;,&quot;pause_on_hover&quot;:&quot;yes&quot;,&quot;pause_on_interaction&quot;:&quot;yes&quot;,&quot;infinite&quot;:&quot;yes&quot;,&quot;image_spacing_custom&quot;:{&quot;unit&quot;:&quot;px&quot;,&quot;size&quot;:20,&quot;sizes&quot;:[]},&quot;image_spacing_custom_tablet&quot;:{&quot;unit&quot;:&quot;px&quot;,&quot;size&quot;:&quot;&quot;,&quot;sizes&quot;:[]},&quot;image_spacing_custom_mobile&quot;:{&quot;unit&quot;:&quot;px&quot;,&quot;size&quot;:&quot;&quot;,&quot;sizes&quot;:[]}}\" data-widget_type=\"image-carousel.default\">\n\t\t\t\t<div class=\"elementor-widget-container\">\n\t\t\t\t\t\t\t<div class=\"elementor-image-carousel-wrapper swiper\" role=\"region\" aria-roledescription=\"carousel\" aria-label=\"Image Carousel\" dir=\"ltr\" data-no-translation-aria-label=\"\">\n\t\t\t<div class=\"elementor-image-carousel swiper-wrapper\" aria-live=\"off\">\n\t\t\t\t\t\t\t\t<div class=\"swiper-slide\" role=\"group\" aria-roledescription=\"slide\" aria-label=\"1 of 9\" data-no-translation-aria-label=\"\"><figure class=\"swiper-slide-inner\"><img decoding=\"async\" class=\"swiper-slide-image\" src=\"https:\/\/sportfriendlyproject.com\/wp-content\/uploads\/2024\/05\/1.png\" alt=\"\" \/><\/figure><\/div><div class=\"swiper-slide\" role=\"group\" aria-roledescription=\"slide\" aria-label=\"2 of 9\" data-no-translation-aria-label=\"\"><figure class=\"swiper-slide-inner\"><img decoding=\"async\" class=\"swiper-slide-image\" src=\"https:\/\/sportfriendlyproject.com\/wp-content\/uploads\/2024\/05\/2.png\" alt=\"\" \/><\/figure><\/div><div class=\"swiper-slide\" role=\"group\" aria-roledescription=\"slide\" aria-label=\"3 of 9\" data-no-translation-aria-label=\"\"><figure class=\"swiper-slide-inner\"><img decoding=\"async\" class=\"swiper-slide-image\" src=\"https:\/\/sportfriendlyproject.com\/wp-content\/uploads\/2024\/05\/3.png\" alt=\"\" \/><\/figure><\/div><div class=\"swiper-slide\" role=\"group\" aria-roledescription=\"slide\" aria-label=\"4 of 9\" data-no-translation-aria-label=\"\"><figure class=\"swiper-slide-inner\"><img decoding=\"async\" class=\"swiper-slide-image\" src=\"https:\/\/sportfriendlyproject.com\/wp-content\/uploads\/2024\/05\/4.png\" alt=\"\" \/><\/figure><\/div><div class=\"swiper-slide\" role=\"group\" aria-roledescription=\"slide\" aria-label=\"5 of 9\" data-no-translation-aria-label=\"\"><figure class=\"swiper-slide-inner\"><img decoding=\"async\" class=\"swiper-slide-image\" src=\"https:\/\/sportfriendlyproject.com\/wp-content\/uploads\/2024\/05\/6.png\" alt=\"\" \/><\/figure><\/div><div class=\"swiper-slide\" role=\"group\" aria-roledescription=\"slide\" aria-label=\"6 of 9\" data-no-translation-aria-label=\"\"><figure class=\"swiper-slide-inner\"><img decoding=\"async\" class=\"swiper-slide-image\" src=\"https:\/\/sportfriendlyproject.com\/wp-content\/uploads\/2024\/05\/7.png\" alt=\"\" \/><\/figure><\/div><div class=\"swiper-slide\" role=\"group\" aria-roledescription=\"slide\" aria-label=\"7 of 9\" data-no-translation-aria-label=\"\"><figure class=\"swiper-slide-inner\"><img decoding=\"async\" class=\"swiper-slide-image\" src=\"https:\/\/sportfriendlyproject.com\/wp-content\/uploads\/2024\/05\/8.png\" alt=\"\" \/><\/figure><\/div><div class=\"swiper-slide\" role=\"group\" aria-roledescription=\"slide\" aria-label=\"8 of 9\" data-no-translation-aria-label=\"\"><figure class=\"swiper-slide-inner\"><img decoding=\"async\" class=\"swiper-slide-image\" src=\"https:\/\/sportfriendlyproject.com\/wp-content\/uploads\/2024\/10\/Logo_Shangay.svg.png\" alt=\"logo shangay\" \/><\/figure><\/div><div class=\"swiper-slide\" role=\"group\" aria-roledescription=\"slide\" aria-label=\"9 of 9\" data-no-translation-aria-label=\"\"><figure class=\"swiper-slide-inner\"><img decoding=\"async\" class=\"swiper-slide-image\" src=\"https:\/\/sportfriendlyproject.com\/wp-content\/uploads\/2024\/10\/Diseno-sin-titulo-3.png\" alt=\"Dise\u00f1o sin t\u00edtulo (3)\" \/><\/figure><\/div>\t\t\t<\/div>\n\t\t\t\t\t\t\t\n\t\t\t\t\t\t\t\t\t<\/div>\n\t\t\t\t\t\t<\/div>\n\t\t\t\t<\/div>\n\t\t\t\t<\/div>\n\t\t\t\t<\/div>","protected":false},"excerpt":{"rendered":"<p>Prensa Notas por idioma ESPTFREN Diario Sur &#8211; De Argentina a M\u00e1laga: la exposici\u00f3n fotogr\u00e1fica &#8216;Sport Friendly&#8217; pone el foco en los deportistas LGTBI La opinion de Malaga &#8211; La exposici\u00f3n Sport Friendly celebra el deporte de forma inclusiva en M\u00e1laga La Nacion &#8211; Los Juegos Ol\u00edmpicos y Paral\u00edmpicos de Par\u00eds, la fiesta de la [&hellip;]<\/p>\n","protected":false},"author":2,"featured_media":0,"parent":0,"menu_order":0,"comment_status":"closed","ping_status":"closed","template":"","meta":{"footnotes":""},"class_list":["post-667","page","type-page","status-publish","hentry"],"_links":{"self":[{"href":"https:\/\/sportfriendlyproject.com\/fr\/wp-json\/wp\/v2\/pages\/667","targetHints":{"allow":["GET"]}}],"collection":[{"href":"https:\/\/sportfriendlyproject.com\/fr\/wp-json\/wp\/v2\/pages"}],"about":[{"href":"https:\/\/sportfriendlyproject.com\/fr\/wp-json\/wp\/v2\/types\/page"}],"author":[{"embeddable":true,"href":"https:\/\/sportfriendlyproject.com\/fr\/wp-json\/wp\/v2\/users\/2"}],"replies":[{"embeddable":true,"href":"https:\/\/sportfriendlyproject.com\/fr\/wp-json\/wp\/v2\/comments?post=667"}],"version-history":[{"count":152,"href":"https:\/\/sportfriendlyproject.com\/fr\/wp-json\/wp\/v2\/pages\/667\/revisions"}],"predecessor-version":[{"id":3574,"href":"https:\/\/sportfriendlyproject.com\/fr\/wp-json\/wp\/v2\/pages\/667\/revisions\/3574"}],"wp:attachment":[{"href":"https:\/\/sportfriendlyproject.com\/fr\/wp-json\/wp\/v2\/media?parent=667"}],"curies":[{"name":"wp","href":"https:\/\/api.w.org\/{rel}","templated":true}]}}